{"id":10794,"date":"2024-06-19T14:54:00","date_gmt":"2024-06-19T12:54:00","guid":{"rendered":"https:\/\/www.solida.ch\/carriere\/gemeinsam-mehrwert-schaffen\/"},"modified":"2024-07-04T20:50:18","modified_gmt":"2024-07-04T18:50:18","slug":"creer-une-valuer-ajoutee-ensemble","status":"publish","type":"page","link":"https:\/\/www.solida.ch\/fr\/carriere\/creer-une-valuer-ajoutee-ensemble\/","title":{"rendered":"Cr\u00e9er une valeur ajout\u00e9e ensemble"},"content":{"rendered":"\t\t<div data-elementor-type=\"wp-page\" data-elementor-id=\"10794\" class=\"elementor elementor-10794 elementor-10359\" data-elementor-post-type=\"page\">\n\t\t\t\t<div class=\"elementor-element elementor-element-a2a37d0 e-con-full e-flex e-con e-parent\" data-id=\"a2a37d0\" data-element_type=\"container\" data-e-type=\"container\">\n\t\t\t\t<div class=\"elementor-element elementor-element-4f54b6e elementor-widget elementor-widget-template\" data-id=\"4f54b6e\" data-element_type=\"widget\" data-e-type=\"widget\" data-widget_type=\"template.default\">\n\t\t\t\t<div class=\"elementor-widget-container\">\n\t\t\t\t\t\t\t<div class=\"elementor-template\">\n\t\t\t\t\t<div data-elementor-type=\"container\" data-elementor-id=\"2912\" class=\"elementor elementor-2912\" data-elementor-post-type=\"elementor_library\">\n\t\t\t\t<div class=\"elementor-element elementor-element-5a8dfd82 solida_hero e-flex e-con-boxed e-con e-parent\" data-id=\"5a8dfd82\" data-element_type=\"container\" data-e-type=\"container\" data-settings=\"{&quot;background_background&quot;:&quot;classic&quot;}\">\n\t\t\t\t\t<div class=\"e-con-inner\">\n\t\t<div data-dce-background-image-url=\"https:\/\/www.solida.ch\/wp-content\/uploads\/2024\/06\/AdobeStock_362408229.webp\" data-dce-background-overlay-image-url=\"https:\/\/www.solida.ch\/wp-content\/uploads\/2024\/06\/AdobeStock_362408229.webp\" class=\"elementor-element elementor-element-2776754 e-con-full solida_hero_image animated-fast e-flex elementor-invisible e-con e-child\" data-id=\"2776754\" data-element_type=\"container\" data-e-type=\"container\" data-settings=\"{&quot;background_background&quot;:&quot;classic&quot;,&quot;position&quot;:&quot;absolute&quot;,&quot;animation&quot;:&quot;fadeIn&quot;}\" style=\"background-position-y: 22% !important\">\n\t\t\t\t<\/div>\n\t\t<div class=\"elementor-element elementor-element-a024cb8 e-con-full solida_hero_standard e-flex e-con e-child\" data-id=\"a024cb8\" data-element_type=\"container\" data-e-type=\"container\">\n\t\t<div class=\"elementor-element elementor-element-5898f69d e-con-full solida_titlebox e-flex e-con e-child\" data-id=\"5898f69d\" data-element_type=\"container\" data-e-type=\"container\">\n\t\t\t\t<div class=\"elementor-element elementor-element-3557b228 solida_titlebox-large elementor-widget elementor-widget-heading\" data-id=\"3557b228\" data-element_type=\"widget\" data-e-type=\"widget\" data-widget_type=\"heading.default\">\n\t\t\t\t<div class=\"elementor-widget-container\">\n\t\t\t\t\t<h1 class=\"elementor-heading-title elementor-size-default\">Cr\u00e9er une valeur ajout\u00e9e ensemble <\/h1>\t\t\t\t<\/div>\n\t\t\t\t<\/div>\n\t\t\t\t<div class=\"elementor-element elementor-element-577d644e solida_titlebox-small solida_titlebox-small-1 elementor-widget elementor-widget-heading\" data-id=\"577d644e\" data-element_type=\"widget\" data-e-type=\"widget\" data-widget_type=\"heading.default\">\n\t\t\t\t<div class=\"elementor-widget-container\">\n\t\t\t\t\t<h2 class=\"elementor-heading-title elementor-size-default\"><a href=\"https:\/\/www.solida.ch\/fr\/carriere\/#postes-vacants\">Travailler chez SOLIDA:<br \/>Nos postes vacants<\/a><\/h2>\t\t\t\t<\/div>\n\t\t\t\t<\/div>\n\t\t\t\t<div class=\"elementor-element elementor-element-6acdfc14 solida_titlebox-small solida_titlebox-small-2 elementor-widget elementor-widget-heading\" data-id=\"6acdfc14\" data-element_type=\"widget\" data-e-type=\"widget\" data-widget_type=\"heading.default\">\n\t\t\t\t<div class=\"elementor-widget-container\">\n\t\t\t\t\t<h2 class=\"elementor-heading-title elementor-size-default\"><a href=\"https:\/\/www.solida.ch\/fr\/carriere\/ou-nous-travaillons\">O\u00f9 nous travaillons:<br \/>Vers les sites<\/a><\/h2>\t\t\t\t<\/div>\n\t\t\t\t<\/div>\n\t\t\t\t<\/div>\n\t\t\t\t<\/div>\n\t\t\t\t\t<\/div>\n\t\t\t\t<\/div>\n\t\t\t\t<\/div>\n\t\t\t\t<\/div>\n\t\t\t\t\t\t<\/div>\n\t\t\t\t<\/div>\n\t\t\t\t<\/div>\n\t\t<div class=\"elementor-element elementor-element-01cd6fc solida_career_culture_benefits e-flex e-con-boxed e-con e-parent\" data-id=\"01cd6fc\" data-element_type=\"container\" data-e-type=\"container\" data-settings=\"{&quot;background_background&quot;:&quot;classic&quot;}\">\n\t\t\t\t\t<div class=\"e-con-inner\">\n\t\t\t\t<div class=\"elementor-element elementor-element-c7705a0 elementor-widget__width-inherit elementor-widget elementor-widget-heading\" data-id=\"c7705a0\" data-element_type=\"widget\" data-e-type=\"widget\" data-widget_type=\"heading.default\">\n\t\t\t\t<div class=\"elementor-widget-container\">\n\t\t\t\t\t<h2 class=\"elementor-heading-title elementor-size-default\">Nous offrons plus qu'un simple travail<\/h2>\t\t\t\t<\/div>\n\t\t\t\t<\/div>\n\t\t<div class=\"elementor-element elementor-element-7bfe4fc e-con-full solida_layout_7-8col e-flex e-con e-child\" data-id=\"7bfe4fc\" data-element_type=\"container\" data-e-type=\"container\">\n\t\t\t\t<div class=\"elementor-element elementor-element-c7ec92e solida_productpage_intro elementor-widget__width-inherit elementor-widget elementor-widget-text-editor\" data-id=\"c7ec92e\" data-element_type=\"widget\" data-e-type=\"widget\" data-widget_type=\"text-editor.default\">\n\t\t\t\t<div class=\"elementor-widget-container\">\n\t\t\t\t\t\t\t\t\t<p>Dans un environnement de travail moderne et flexible, vous renforcerez notre \u00e9quipe engag\u00e9e tout en d\u00e9veloppant vos comp\u00e9tences.<\/p>\t\t\t\t\t\t\t\t<\/div>\n\t\t\t\t<\/div>\n\t\t\t\t<div class=\"elementor-element elementor-element-76e6dcf elementor-widget__width-initial elementor-widget-tablet__width-inherit elementor-widget elementor-widget-text-editor\" data-id=\"76e6dcf\" data-element_type=\"widget\" data-e-type=\"widget\" data-widget_type=\"text-editor.default\">\n\t\t\t\t<div class=\"elementor-widget-container\">\n\t\t\t\t\t\t\t\t\t<p><strong>Ce que nous vous offrons<\/strong><\/p><ul><li>Des activit\u00e9s vari\u00e9es et exigeantes avec une certaine marge de man\u0153uvre<\/li><li>Une large offre de possibilit\u00e9s de formation continue<\/li><li>Un environnement ouvert avec des personnes motiv\u00e9es<\/li><li>Culture coll\u00e9giale du tutoiement jusqu&rsquo;au CEO<\/li><li>Horaires de travail flexibles avec au moins 5 semaines de vacances<\/li><li>Bureaux modernes sur des sites centraux et home-office<\/li><\/ul>\t\t\t\t\t\t\t\t<\/div>\n\t\t\t\t<\/div>\n\t\t\t\t<div class=\"elementor-element elementor-element-563f812 elementor-widget__width-initial elementor-widget-tablet__width-inherit elementor-widget elementor-widget-text-editor\" data-id=\"563f812\" data-element_type=\"widget\" data-e-type=\"widget\" data-widget_type=\"text-editor.default\">\n\t\t\t\t<div class=\"elementor-widget-container\">\n\t\t\t\t\t\t\t\t\t<p><strong>Avantages sociaux<\/strong><\/p><ul><li>Prestations attrayantes de la caisse de pension<\/li><li>Conditions pr\u00e9f\u00e9rentielles sur les assurances<\/li><li>Prestations \u00e9tendues dans l&rsquo;assurance d&rsquo;indemnit\u00e9s journali\u00e8res en cas de maladie et l&rsquo;assurance-accidents compl\u00e9mentaire<\/li><li>\u00c9v\u00e9nements pour les collaborateurs<\/li><li>Participation au demi-tarif et aux places de parking gratuites<\/li><li>Caf\u00e9, eau, th\u00e9 et l\u00e9gumes bio gratuits provenant d&rsquo;une ferme bio int\u00e9grative<\/li><\/ul>\t\t\t\t\t\t\t\t<\/div>\n\t\t\t\t<\/div>\n\t\t\t\t<\/div>\n\t\t\t\t\t<\/div>\n\t\t\t\t<\/div>\n\t\t<div class=\"elementor-element elementor-element-fb53239 e-flex e-con-boxed e-con e-parent\" data-id=\"fb53239\" data-element_type=\"container\" data-e-type=\"container\" data-settings=\"{&quot;background_background&quot;:&quot;classic&quot;}\">\n\t\t\t\t\t<div class=\"e-con-inner\">\n\t\t\t\t<div class=\"elementor-element elementor-element-16fe439 elementor-widget__width-inherit elementor-widget elementor-widget-heading\" data-id=\"16fe439\" data-element_type=\"widget\" data-e-type=\"widget\" data-widget_type=\"heading.default\">\n\t\t\t\t<div class=\"elementor-widget-container\">\n\t\t\t\t\t<h2 class=\"elementor-heading-title elementor-size-default\">Nous partageons des valeus communes<\/h2>\t\t\t\t<\/div>\n\t\t\t\t<\/div>\n\t\t<div class=\"elementor-element elementor-element-60293d2 e-con-full solida_layout_7-8col e-flex e-con e-child\" data-id=\"60293d2\" data-element_type=\"container\" data-e-type=\"container\">\n\t\t\t\t<div class=\"elementor-element elementor-element-d744606 elementor-widget__width-initial elementor-widget-tablet__width-inherit elementor-widget elementor-widget-text-editor\" data-id=\"d744606\" data-element_type=\"widget\" data-e-type=\"widget\" data-widget_type=\"text-editor.default\">\n\t\t\t\t<div class=\"elementor-widget-container\">\n\t\t\t\t\t\t\t\t\t<p>Nous travaillons de mani\u00e8re professionnelle et sommes comp\u00e9tents dans notre domaine. Nous prenons nos d\u00e9cisions selon des crit\u00e8res objectifs et factuels. Nous nous effor\u00e7ons de nous am\u00e9liorer en permanence et nous nous laissons \u00e9valuer \u00e0 l&rsquo;aune de nos r\u00e9sultats. La collaboration en partenariat et le respect mutuel caract\u00e9risent notre comportement mutuel. Nous regardons l&rsquo;ensemble commun et nous nous traitons mutuellement avec reconnaissance, entraide et compr\u00e9hension. Nous attachons de l&rsquo;importance \u00e0 ce que nos collaborateurs s&rsquo;identifient \u00e0 l&rsquo;entreprise, qu&rsquo;ils puissent d\u00e9velopper leurs capacit\u00e9s et leurs besoins.<\/p>\t\t\t\t\t\t\t\t<\/div>\n\t\t\t\t<\/div>\n\t\t\t\t<\/div>\n\t\t\t\t\t<\/div>\n\t\t\t\t<\/div>\n\t\t<div class=\"elementor-element elementor-element-33a70d6 e-flex e-con-boxed e-con e-parent\" data-id=\"33a70d6\" data-element_type=\"container\" data-e-type=\"container\" data-settings=\"{&quot;background_background&quot;:&quot;classic&quot;}\">\n\t\t\t\t\t<div class=\"e-con-inner\">\n\t\t\t\t<div class=\"elementor-element elementor-element-69f8bc4 elementor-widget__width-inherit elementor-widget elementor-widget-heading\" data-id=\"69f8bc4\" data-element_type=\"widget\" data-e-type=\"widget\" data-widget_type=\"heading.default\">\n\t\t\t\t<div class=\"elementor-widget-container\">\n\t\t\t\t\t<h2 class=\"elementor-heading-title elementor-size-default\">Nous travaillons au bureau ou \u00e0 domicile<\/h2>\t\t\t\t<\/div>\n\t\t\t\t<\/div>\n\t\t<div class=\"elementor-element elementor-element-87c12b2 e-con-full solida_layout_7-8col e-flex e-con e-child\" data-id=\"87c12b2\" data-element_type=\"container\" data-e-type=\"container\">\n\t\t\t\t<div class=\"elementor-element elementor-element-6ca092a elementor-widget__width-initial elementor-widget-tablet__width-inherit elementor-widget elementor-widget-text-editor\" data-id=\"6ca092a\" data-element_type=\"widget\" data-e-type=\"widget\" data-widget_type=\"text-editor.default\">\n\t\t\t\t<div class=\"elementor-widget-container\">\n\t\t\t\t\t\t\t\t\t<p>Nous sommes convaincus qu&rsquo;un \u00e9quilibre entre vie professionnelle et vie priv\u00e9e est sain et que la vie professionnelle et la vie priv\u00e9e sont synonymes de plaisir. C&rsquo;est pourquoi nous misons sur la flexibilit\u00e9 des postes et des horaires de travail. C&rsquo;est pourquoi nos collaborateurs peuvent d\u00e9cider, en accord avec la personne responsable de l&rsquo;\u00e9quipe, \u00e0 quelle fr\u00e9quence ils souhaitent travailler au bureau ou \u00e0 domicile. Cette libert\u00e9 implique une confiance mutuelle dans le cadre d&rsquo;une collaboration partenariale avec une communication ouverte.<\/p>\t\t\t\t\t\t\t\t<\/div>\n\t\t\t\t<\/div>\n\t\t\t\t<\/div>\n\t\t\t\t\t<\/div>\n\t\t\t\t<\/div>\n\t\t\t\t<\/div>\n\t\t","protected":false},"excerpt":{"rendered":"<p>Nous offrons plus qu&rsquo;un simple travail Dans un environnement de travail moderne et flexible, vous renforcerez notre \u00e9quipe engag\u00e9e tout en d\u00e9veloppant vos comp\u00e9tences. Ce que nous vous offrons Des activit\u00e9s vari\u00e9es et exigeantes avec une certaine marge de man\u0153uvre Une large offre de possibilit\u00e9s de formation continue Un environnement ouvert avec des personnes motiv\u00e9es [&hellip;]<\/p>\n","protected":false},"author":1,"featured_media":10364,"parent":10782,"menu_order":0,"comment_status":"closed","ping_status":"closed","template":"elementor_header_footer","meta":{"_acf_changed":false,"_monsterinsights_skip_tracking":false,"_monsterinsights_sitenote_active":false,"_monsterinsights_sitenote_note":"","_monsterinsights_sitenote_category":0,"footnotes":""},"categories":[],"class_list":["post-10794","page","type-page","status-publish","has-post-thumbnail","hentry"],"acf":[],"yoast_head":"<!-- This site is optimized with the Yoast SEO Premium plugin v26.9 (Yoast SEO v27.4) - https:\/\/yoast.com\/product\/yoast-seo-premium-wordpress\/ -->\n<title>Cr\u00e9er une valeur ajout\u00e9e ensemble<\/title>\n<meta name=\"description\" content=\"Wir sind eine solide Versicherungsgesellschaft mit Tradition \u2022 Unsere offenen Stellen \u2022 Jetzt bewerben \u00fcber unser Online-Bewerbungsportal\" \/>\n<meta name=\"robots\" content=\"index, follow, max-snippet:-1, max-image-preview:large, max-video-preview:-1\" \/>\n<link rel=\"canonical\" href=\"https:\/\/www.solida.ch\/fr\/carriere\/creer-une-valuer-ajoutee-ensemble\/\" \/>\n<meta property=\"og:locale\" content=\"fr_FR\" \/>\n<meta property=\"og:type\" content=\"article\" \/>\n<meta property=\"og:title\" content=\"Cr\u00e9er une valeur ajout\u00e9e ensemble\" \/>\n<meta property=\"og:description\" content=\"Wir sind eine solide Versicherungsgesellschaft mit Tradition \u2022 Unsere offenen Stellen \u2022 Jetzt bewerben \u00fcber unser Online-Bewerbungsportal\" \/>\n<meta property=\"og:url\" content=\"https:\/\/www.solida.ch\/fr\/carriere\/creer-une-valuer-ajoutee-ensemble\/\" \/>\n<meta property=\"og:site_name\" content=\"SOLIDA Versicherungen\" \/>\n<meta property=\"article:modified_time\" content=\"2024-07-04T18:50:18+00:00\" \/>\n<meta property=\"og:image\" content=\"https:\/\/www.solida.ch\/wp-content\/uploads\/2024\/06\/AdobeStock_362408229.webp\" \/>\n\t<meta property=\"og:image:width\" content=\"2560\" \/>\n\t<meta property=\"og:image:height\" content=\"1440\" \/>\n\t<meta property=\"og:image:type\" content=\"image\/webp\" \/>\n<meta name=\"twitter:card\" content=\"summary_large_image\" \/>\n<meta name=\"twitter:label1\" content=\"Dur\u00e9e de lecture estim\u00e9e\" \/>\n\t<meta name=\"twitter:data1\" content=\"2 minutes\" \/>\n<script type=\"application\/ld+json\" class=\"yoast-schema-graph\">{\"@context\":\"https:\\\/\\\/schema.org\",\"@graph\":[{\"@type\":\"WebPage\",\"@id\":\"https:\\\/\\\/www.solida.ch\\\/fr\\\/carriere\\\/creer-une-valuer-ajoutee-ensemble\\\/\",\"url\":\"https:\\\/\\\/www.solida.ch\\\/fr\\\/carriere\\\/creer-une-valuer-ajoutee-ensemble\\\/\",\"name\":\"Cr\u00e9er une valeur ajout\u00e9e ensemble\",\"isPartOf\":{\"@id\":\"https:\\\/\\\/www.solida.ch\\\/fr\\\/#website\"},\"primaryImageOfPage\":{\"@id\":\"https:\\\/\\\/www.solida.ch\\\/fr\\\/carriere\\\/creer-une-valuer-ajoutee-ensemble\\\/#primaryimage\"},\"image\":{\"@id\":\"https:\\\/\\\/www.solida.ch\\\/fr\\\/carriere\\\/creer-une-valuer-ajoutee-ensemble\\\/#primaryimage\"},\"thumbnailUrl\":\"https:\\\/\\\/www.solida.ch\\\/wp-content\\\/uploads\\\/2024\\\/06\\\/AdobeStock_362408229.webp\",\"datePublished\":\"2024-06-19T12:54:00+00:00\",\"dateModified\":\"2024-07-04T18:50:18+00:00\",\"description\":\"Wir sind eine solide Versicherungsgesellschaft mit Tradition \u2022 Unsere offenen Stellen \u2022 Jetzt bewerben \u00fcber unser Online-Bewerbungsportal\",\"breadcrumb\":{\"@id\":\"https:\\\/\\\/www.solida.ch\\\/fr\\\/carriere\\\/creer-une-valuer-ajoutee-ensemble\\\/#breadcrumb\"},\"inLanguage\":\"fr-FR\",\"potentialAction\":[{\"@type\":\"ReadAction\",\"target\":[\"https:\\\/\\\/www.solida.ch\\\/fr\\\/carriere\\\/creer-une-valuer-ajoutee-ensemble\\\/\"]}]},{\"@type\":\"ImageObject\",\"inLanguage\":\"fr-FR\",\"@id\":\"https:\\\/\\\/www.solida.ch\\\/fr\\\/carriere\\\/creer-une-valuer-ajoutee-ensemble\\\/#primaryimage\",\"url\":\"https:\\\/\\\/www.solida.ch\\\/wp-content\\\/uploads\\\/2024\\\/06\\\/AdobeStock_362408229.webp\",\"contentUrl\":\"https:\\\/\\\/www.solida.ch\\\/wp-content\\\/uploads\\\/2024\\\/06\\\/AdobeStock_362408229.webp\",\"width\":2560,\"height\":1440},{\"@type\":\"BreadcrumbList\",\"@id\":\"https:\\\/\\\/www.solida.ch\\\/fr\\\/carriere\\\/creer-une-valuer-ajoutee-ensemble\\\/#breadcrumb\",\"itemListElement\":[{\"@type\":\"ListItem\",\"position\":1,\"name\":\"Startseite\",\"item\":\"https:\\\/\\\/www.solida.ch\\\/fr\\\/entreprises\\\/\"},{\"@type\":\"ListItem\",\"position\":2,\"name\":\"Carri\u00e8re\",\"item\":\"https:\\\/\\\/www.solida.ch\\\/fr\\\/karriere\\\/\"},{\"@type\":\"ListItem\",\"position\":3,\"name\":\"Cr\u00e9er une valeur ajout\u00e9e ensemble\"}]},{\"@type\":\"WebSite\",\"@id\":\"https:\\\/\\\/www.solida.ch\\\/fr\\\/#website\",\"url\":\"https:\\\/\\\/www.solida.ch\\\/fr\\\/\",\"name\":\"SOLIDA\",\"description\":\"Unbeschwert durchs Leben gehen\",\"publisher\":{\"@id\":\"https:\\\/\\\/www.solida.ch\\\/fr\\\/#organization\"},\"alternateName\":\"Solida\",\"potentialAction\":[{\"@type\":\"SearchAction\",\"target\":{\"@type\":\"EntryPoint\",\"urlTemplate\":\"https:\\\/\\\/www.solida.ch\\\/fr\\\/?s={search_term_string}\"},\"query-input\":{\"@type\":\"PropertyValueSpecification\",\"valueRequired\":true,\"valueName\":\"search_term_string\"}}],\"inLanguage\":\"fr-FR\"},{\"@type\":\"Organization\",\"@id\":\"https:\\\/\\\/www.solida.ch\\\/fr\\\/#organization\",\"name\":\"SOLIDA Versicherungen AG\",\"alternateName\":\"Solida\",\"url\":\"https:\\\/\\\/www.solida.ch\\\/fr\\\/\",\"logo\":{\"@type\":\"ImageObject\",\"inLanguage\":\"fr-FR\",\"@id\":\"https:\\\/\\\/www.solida.ch\\\/fr\\\/#\\\/schema\\\/logo\\\/image\\\/\",\"url\":\"https:\\\/\\\/www.solida.ch\\\/wp-content\\\/uploads\\\/2023\\\/03\\\/solida-favicon.png\",\"contentUrl\":\"https:\\\/\\\/www.solida.ch\\\/wp-content\\\/uploads\\\/2023\\\/03\\\/solida-favicon.png\",\"width\":1024,\"height\":1024,\"caption\":\"SOLIDA Versicherungen AG\"},\"image\":{\"@id\":\"https:\\\/\\\/www.solida.ch\\\/fr\\\/#\\\/schema\\\/logo\\\/image\\\/\"}}]}<\/script>\n<!-- \/ Yoast SEO Premium plugin. -->","yoast_head_json":{"title":"Cr\u00e9er une valeur ajout\u00e9e ensemble","description":"Wir sind eine solide Versicherungsgesellschaft mit Tradition \u2022 Unsere offenen Stellen \u2022 Jetzt bewerben \u00fcber unser Online-Bewerbungsportal","robots":{"index":"index","follow":"follow","max-snippet":"max-snippet:-1","max-image-preview":"max-image-preview:large","max-video-preview":"max-video-preview:-1"},"canonical":"https:\/\/www.solida.ch\/fr\/carriere\/creer-une-valuer-ajoutee-ensemble\/","og_locale":"fr_FR","og_type":"article","og_title":"Cr\u00e9er une valeur ajout\u00e9e ensemble","og_description":"Wir sind eine solide Versicherungsgesellschaft mit Tradition \u2022 Unsere offenen Stellen \u2022 Jetzt bewerben \u00fcber unser Online-Bewerbungsportal","og_url":"https:\/\/www.solida.ch\/fr\/carriere\/creer-une-valuer-ajoutee-ensemble\/","og_site_name":"SOLIDA Versicherungen","article_modified_time":"2024-07-04T18:50:18+00:00","og_image":[{"width":2560,"height":1440,"url":"https:\/\/www.solida.ch\/wp-content\/uploads\/2024\/06\/AdobeStock_362408229.webp","type":"image\/webp"}],"twitter_card":"summary_large_image","twitter_misc":{"Dur\u00e9e de lecture estim\u00e9e":"2 minutes"},"schema":{"@context":"https:\/\/schema.org","@graph":[{"@type":"WebPage","@id":"https:\/\/www.solida.ch\/fr\/carriere\/creer-une-valuer-ajoutee-ensemble\/","url":"https:\/\/www.solida.ch\/fr\/carriere\/creer-une-valuer-ajoutee-ensemble\/","name":"Cr\u00e9er une valeur ajout\u00e9e ensemble","isPartOf":{"@id":"https:\/\/www.solida.ch\/fr\/#website"},"primaryImageOfPage":{"@id":"https:\/\/www.solida.ch\/fr\/carriere\/creer-une-valuer-ajoutee-ensemble\/#primaryimage"},"image":{"@id":"https:\/\/www.solida.ch\/fr\/carriere\/creer-une-valuer-ajoutee-ensemble\/#primaryimage"},"thumbnailUrl":"https:\/\/www.solida.ch\/wp-content\/uploads\/2024\/06\/AdobeStock_362408229.webp","datePublished":"2024-06-19T12:54:00+00:00","dateModified":"2024-07-04T18:50:18+00:00","description":"Wir sind eine solide Versicherungsgesellschaft mit Tradition \u2022 Unsere offenen Stellen \u2022 Jetzt bewerben \u00fcber unser Online-Bewerbungsportal","breadcrumb":{"@id":"https:\/\/www.solida.ch\/fr\/carriere\/creer-une-valuer-ajoutee-ensemble\/#breadcrumb"},"inLanguage":"fr-FR","potentialAction":[{"@type":"ReadAction","target":["https:\/\/www.solida.ch\/fr\/carriere\/creer-une-valuer-ajoutee-ensemble\/"]}]},{"@type":"ImageObject","inLanguage":"fr-FR","@id":"https:\/\/www.solida.ch\/fr\/carriere\/creer-une-valuer-ajoutee-ensemble\/#primaryimage","url":"https:\/\/www.solida.ch\/wp-content\/uploads\/2024\/06\/AdobeStock_362408229.webp","contentUrl":"https:\/\/www.solida.ch\/wp-content\/uploads\/2024\/06\/AdobeStock_362408229.webp","width":2560,"height":1440},{"@type":"BreadcrumbList","@id":"https:\/\/www.solida.ch\/fr\/carriere\/creer-une-valuer-ajoutee-ensemble\/#breadcrumb","itemListElement":[{"@type":"ListItem","position":1,"name":"Startseite","item":"https:\/\/www.solida.ch\/fr\/entreprises\/"},{"@type":"ListItem","position":2,"name":"Carri\u00e8re","item":"https:\/\/www.solida.ch\/fr\/karriere\/"},{"@type":"ListItem","position":3,"name":"Cr\u00e9er une valeur ajout\u00e9e ensemble"}]},{"@type":"WebSite","@id":"https:\/\/www.solida.ch\/fr\/#website","url":"https:\/\/www.solida.ch\/fr\/","name":"SOLIDA","description":"Unbeschwert durchs Leben gehen","publisher":{"@id":"https:\/\/www.solida.ch\/fr\/#organization"},"alternateName":"Solida","potentialAction":[{"@type":"SearchAction","target":{"@type":"EntryPoint","urlTemplate":"https:\/\/www.solida.ch\/fr\/?s={search_term_string}"},"query-input":{"@type":"PropertyValueSpecification","valueRequired":true,"valueName":"search_term_string"}}],"inLanguage":"fr-FR"},{"@type":"Organization","@id":"https:\/\/www.solida.ch\/fr\/#organization","name":"SOLIDA Versicherungen AG","alternateName":"Solida","url":"https:\/\/www.solida.ch\/fr\/","logo":{"@type":"ImageObject","inLanguage":"fr-FR","@id":"https:\/\/www.solida.ch\/fr\/#\/schema\/logo\/image\/","url":"https:\/\/www.solida.ch\/wp-content\/uploads\/2023\/03\/solida-favicon.png","contentUrl":"https:\/\/www.solida.ch\/wp-content\/uploads\/2023\/03\/solida-favicon.png","width":1024,"height":1024,"caption":"SOLIDA Versicherungen AG"},"image":{"@id":"https:\/\/www.solida.ch\/fr\/#\/schema\/logo\/image\/"}}]}},"_links":{"self":[{"href":"https:\/\/www.solida.ch\/fr\/wp-json\/wp\/v2\/pages\/10794","targetHints":{"allow":["GET"]}}],"collection":[{"href":"https:\/\/www.solida.ch\/fr\/wp-json\/wp\/v2\/pages"}],"about":[{"href":"https:\/\/www.solida.ch\/fr\/wp-json\/wp\/v2\/types\/page"}],"author":[{"embeddable":true,"href":"https:\/\/www.solida.ch\/fr\/wp-json\/wp\/v2\/users\/1"}],"replies":[{"embeddable":true,"href":"https:\/\/www.solida.ch\/fr\/wp-json\/wp\/v2\/comments?post=10794"}],"version-history":[{"count":0,"href":"https:\/\/www.solida.ch\/fr\/wp-json\/wp\/v2\/pages\/10794\/revisions"}],"up":[{"embeddable":true,"href":"https:\/\/www.solida.ch\/fr\/wp-json\/wp\/v2\/pages\/10782"}],"wp:featuredmedia":[{"embeddable":true,"href":"https:\/\/www.solida.ch\/fr\/wp-json\/wp\/v2\/media\/10364"}],"wp:attachment":[{"href":"https:\/\/www.solida.ch\/fr\/wp-json\/wp\/v2\/media?parent=10794"}],"wp:term":[{"taxonomy":"category","embeddable":true,"href":"https:\/\/www.solida.ch\/fr\/wp-json\/wp\/v2\/categories?post=10794"}],"curies":[{"name":"wp","href":"https:\/\/api.w.org\/{rel}","templated":true}]}}