{"id":4358,"date":"2023-03-26T07:23:27","date_gmt":"2023-03-26T05:23:27","guid":{"rendered":"https:\/\/pogewawa.cyon.site\/solida\/?page_id=4358"},"modified":"2023-06-12T17:17:21","modified_gmt":"2023-06-12T15:17:21","slug":"abredeversicherung","status":"publish","type":"page","link":"https:\/\/www.solida.ch\/de\/privatkunden\/abredeversicherung\/","title":{"rendered":"Abredeversicherung"},"content":{"rendered":"\n<p>Nach Ablauf Ihres Arbeitsvertrags l\u00e4uft Ihre Deckung gegen Nichtberufsunf\u00e4lle 31 Tage weiter. Anschliessend f\u00e4llt die Unfalldeckung weg, was zu finanziellen Belastungen f\u00fchren kann. Diese Versicherungsl\u00fccke k\u00f6nnen Sie mit unserer Abredeversicherung schliessen und von bis zu sechs zus\u00e4tzlichen Monaten Versicherungsschutz profitieren \u2013 auch bei Ferienreisen ins Ausland<\/p>\n\n\n\n<div class=\"wp-block-columns solida_productpage_2cols is-layout-flex wp-container-core-columns-is-layout-28f84493 wp-block-columns-is-layout-flex\">\n<div class=\"wp-block-column is-layout-flow wp-block-column-is-layout-flow\">\n<h3 class=\"wp-block-heading\" id=\"h-wie-kann-ich-die-versicherung-abschliessen\">Wie kann ich die Versicherung abschliessen?<\/h3>\n\n\n\n<p>Die Versicherung k\u00f6nnen Sie direkt online abschliessen. Sie erhalten direkt im Anschluss Ihr Versicherungszertifikat per E-Mail zugestellt.<\/p>\n\n\n\n<h3 class=\"wp-block-heading\">Welche Zahlungsmethoden sind verf\u00fcgbar?<\/h3>\n\n\n\n<p>Sie k\u00f6nnen die Versicherung online mit Kreditkarte (Mastercard oder Visa) oder mit TWINT abschliessen.<\/p>\n\n\n\n<h3 class=\"wp-block-heading\">Wann endet die Versicherung der Nichtberufsunf\u00e4lle?<\/h3>\n\n\n\n<p>Falls Sie Ihre Arbeitsstelle aufgeben oder unbezahlte Ferien beziehen, sind Sie noch 31 Tage ab dem letzten Arbeitstag gegen Nichtberufsunf\u00e4lle versichert. Nach Ablauf der 31 Tage f\u00e4llt die Unfalldeckung weg. Dieses Versicherungsl\u00fccke k\u00f6nnen Sie mit einer Abredeversicherung schliessen und von bis zu sechs zus\u00e4tzlichen Monaten Versicherungsschutz profitieren.<\/p>\n<\/div>\n\n\n\n<div class=\"wp-block-column is-layout-flow wp-block-column-is-layout-flow\">\n<h3 class=\"wp-block-heading\">Was kostet die Abredeversicherung?<\/h3>\n\n\n\n<p>Die Pr\u00e4mie betr\u00e4gt pro Monat CHF 40.\u2013. Wichtig: Damit die Abredeversicherung G\u00fcltigkeit hat, darf der letzte Tag mit mindestens dem halben Lohnanspruch nicht l\u00e4nger als 31 Tage zur\u00fcckliegen.<\/p>\n\n\n\n<h3 class=\"wp-block-heading\">Welche Leistungen sind versichert?<\/h3>\n\n\n\n<p>Die Versicherungsleistungen werden nach den Bestimmungen des UVG erbracht. Die Deckung gilt weltweit.<\/p>\n\n\n\n<h3 class=\"wp-block-heading\">Wem ist ein Unfall zu melden?<\/h3>\n\n\n\n<p>Einen Unfall sollten Sie unverz\u00fcglich SOLIDA melden. Im Todesfall sind die anspruchsberechtigten Hinterlassenen zur Meldung verpflichtet.<\/p>\n<\/div>\n<\/div>\n","protected":false},"excerpt":{"rendered":"<p>Nach Ablauf Ihres Arbeitsvertrags l\u00e4uft Ihre Deckung gegen Nichtberufsunf\u00e4lle 31 Tage weiter. Anschliessend f\u00e4llt die Unfalldeckung weg, was zu finanziellen Belastungen f\u00fchren kann. Diese Versicherungsl\u00fccke k\u00f6nnen Sie mit unserer Abredeversicherung schliessen und von bis zu sechs zus\u00e4tzlichen Monaten Versicherungsschutz profitieren \u2013 auch bei Ferienreisen ins Ausland Wie kann ich die Versicherung abschliessen? Die Versicherung k\u00f6nnen [&hellip;]<\/p>\n","protected":false},"author":1,"featured_media":8018,"parent":7888,"menu_order":1,"comment_status":"closed","ping_status":"closed","template":"","meta":{"_acf_changed":false,"_monsterinsights_skip_tracking":false,"_monsterinsights_sitenote_active":false,"_monsterinsights_sitenote_note":"","_monsterinsights_sitenote_category":0,"footnotes":""},"categories":[67,17],"class_list":["post-4358","page","type-page","status-publish","has-post-thumbnail","hentry","category-produkt-cta","category-produkt-privatkunden"],"acf":[],"yoast_head":"<!-- This site is optimized with the Yoast SEO Premium plugin v26.9 (Yoast SEO v27.4) - https:\/\/yoast.com\/product\/yoast-seo-premium-wordpress\/ -->\n<title>Abredeversicherung: Schnell &amp; bequem online abschliessen<\/title>\n<meta name=\"description\" content=\"Sch\u00fctzen Sie sich mit der Abredeversicherung von SOLIDA gegen Nichtberufsunf\u00e4lle, auch nach Ende des Arbeitsverh\u00e4ltnisses. Geniessen Sie bis zu sechs Monate zus\u00e4tzlichen Schutz, weltweit.\" \/>\n<meta name=\"robots\" content=\"index, follow, max-snippet:-1, max-image-preview:large, max-video-preview:-1\" \/>\n<link rel=\"canonical\" href=\"https:\/\/www.solida.ch\/de\/privatkunden\/abredeversicherung\/\" \/>\n<meta property=\"og:locale\" content=\"de_DE\" \/>\n<meta property=\"og:type\" content=\"article\" \/>\n<meta property=\"og:title\" content=\"Abredeversicherung\" \/>\n<meta property=\"og:description\" content=\"Sch\u00fctzen Sie sich mit der Abredeversicherung von SOLIDA gegen Nichtberufsunf\u00e4lle, auch nach Ende des Arbeitsverh\u00e4ltnisses. Geniessen Sie bis zu sechs Monate zus\u00e4tzlichen Schutz, weltweit.\" \/>\n<meta property=\"og:url\" content=\"https:\/\/www.solida.ch\/de\/privatkunden\/abredeversicherung\/\" \/>\n<meta property=\"og:site_name\" content=\"SOLIDA Versicherungen\" \/>\n<meta property=\"article:modified_time\" content=\"2023-06-12T15:17:21+00:00\" \/>\n<meta property=\"og:image\" content=\"https:\/\/www.solida.ch\/wp-content\/uploads\/2023\/05\/Bild-AB-1024x629.png\" \/>\n\t<meta property=\"og:image:width\" content=\"1024\" \/>\n\t<meta property=\"og:image:height\" content=\"629\" \/>\n\t<meta property=\"og:image:type\" content=\"image\/png\" \/>\n<meta name=\"twitter:card\" content=\"summary_large_image\" \/>\n<meta name=\"twitter:label1\" content=\"Gesch\u00e4tzte Lesezeit\" \/>\n\t<meta name=\"twitter:data1\" content=\"2\u00a0Minuten\" \/>\n<script type=\"application\/ld+json\" class=\"yoast-schema-graph\">{\"@context\":\"https:\\\/\\\/schema.org\",\"@graph\":[{\"@type\":\"WebPage\",\"@id\":\"https:\\\/\\\/www.solida.ch\\\/de\\\/privatkunden\\\/abredeversicherung\\\/\",\"url\":\"https:\\\/\\\/www.solida.ch\\\/de\\\/privatkunden\\\/abredeversicherung\\\/\",\"name\":\"Abredeversicherung: Schnell & bequem online abschliessen\",\"isPartOf\":{\"@id\":\"https:\\\/\\\/www.solida.ch\\\/de\\\/#website\"},\"primaryImageOfPage\":{\"@id\":\"https:\\\/\\\/www.solida.ch\\\/de\\\/privatkunden\\\/abredeversicherung\\\/#primaryimage\"},\"image\":{\"@id\":\"https:\\\/\\\/www.solida.ch\\\/de\\\/privatkunden\\\/abredeversicherung\\\/#primaryimage\"},\"thumbnailUrl\":\"https:\\\/\\\/www.solida.ch\\\/wp-content\\\/uploads\\\/2023\\\/05\\\/Bild-AB.png\",\"datePublished\":\"2023-03-26T05:23:27+00:00\",\"dateModified\":\"2023-06-12T15:17:21+00:00\",\"description\":\"Sch\u00fctzen Sie sich mit der Abredeversicherung von SOLIDA gegen Nichtberufsunf\u00e4lle, auch nach Ende des Arbeitsverh\u00e4ltnisses. Geniessen Sie bis zu sechs Monate zus\u00e4tzlichen Schutz, weltweit.\",\"breadcrumb\":{\"@id\":\"https:\\\/\\\/www.solida.ch\\\/de\\\/privatkunden\\\/abredeversicherung\\\/#breadcrumb\"},\"inLanguage\":\"de\",\"potentialAction\":[{\"@type\":\"ReadAction\",\"target\":[\"https:\\\/\\\/www.solida.ch\\\/de\\\/privatkunden\\\/abredeversicherung\\\/\"]}]},{\"@type\":\"ImageObject\",\"inLanguage\":\"de\",\"@id\":\"https:\\\/\\\/www.solida.ch\\\/de\\\/privatkunden\\\/abredeversicherung\\\/#primaryimage\",\"url\":\"https:\\\/\\\/www.solida.ch\\\/wp-content\\\/uploads\\\/2023\\\/05\\\/Bild-AB.png\",\"contentUrl\":\"https:\\\/\\\/www.solida.ch\\\/wp-content\\\/uploads\\\/2023\\\/05\\\/Bild-AB.png\",\"width\":2310,\"height\":1419},{\"@type\":\"BreadcrumbList\",\"@id\":\"https:\\\/\\\/www.solida.ch\\\/de\\\/privatkunden\\\/abredeversicherung\\\/#breadcrumb\",\"itemListElement\":[{\"@type\":\"ListItem\",\"position\":1,\"name\":\"Startseite\",\"item\":\"https:\\\/\\\/www.solida.ch\\\/de\\\/\"},{\"@type\":\"ListItem\",\"position\":2,\"name\":\"Privatkunden\",\"item\":\"https:\\\/\\\/www.solida.ch\\\/de\\\/privatkunden\\\/\"},{\"@type\":\"ListItem\",\"position\":3,\"name\":\"Abredeversicherung\"}]},{\"@type\":\"WebSite\",\"@id\":\"https:\\\/\\\/www.solida.ch\\\/de\\\/#website\",\"url\":\"https:\\\/\\\/www.solida.ch\\\/de\\\/\",\"name\":\"SOLIDA\",\"description\":\"Unbeschwert durchs Leben gehen\",\"publisher\":{\"@id\":\"https:\\\/\\\/www.solida.ch\\\/de\\\/#organization\"},\"alternateName\":\"Solida\",\"potentialAction\":[{\"@type\":\"SearchAction\",\"target\":{\"@type\":\"EntryPoint\",\"urlTemplate\":\"https:\\\/\\\/www.solida.ch\\\/de\\\/?s={search_term_string}\"},\"query-input\":{\"@type\":\"PropertyValueSpecification\",\"valueRequired\":true,\"valueName\":\"search_term_string\"}}],\"inLanguage\":\"de\"},{\"@type\":\"Organization\",\"@id\":\"https:\\\/\\\/www.solida.ch\\\/de\\\/#organization\",\"name\":\"SOLIDA Versicherungen AG\",\"alternateName\":\"Solida\",\"url\":\"https:\\\/\\\/www.solida.ch\\\/de\\\/\",\"logo\":{\"@type\":\"ImageObject\",\"inLanguage\":\"de\",\"@id\":\"https:\\\/\\\/www.solida.ch\\\/de\\\/#\\\/schema\\\/logo\\\/image\\\/\",\"url\":\"https:\\\/\\\/www.solida.ch\\\/wp-content\\\/uploads\\\/2023\\\/03\\\/solida-favicon.png\",\"contentUrl\":\"https:\\\/\\\/www.solida.ch\\\/wp-content\\\/uploads\\\/2023\\\/03\\\/solida-favicon.png\",\"width\":1024,\"height\":1024,\"caption\":\"SOLIDA Versicherungen AG\"},\"image\":{\"@id\":\"https:\\\/\\\/www.solida.ch\\\/de\\\/#\\\/schema\\\/logo\\\/image\\\/\"}}]}<\/script>\n<!-- \/ Yoast SEO Premium plugin. -->","yoast_head_json":{"title":"Abredeversicherung: Schnell & bequem online abschliessen","description":"Sch\u00fctzen Sie sich mit der Abredeversicherung von SOLIDA gegen Nichtberufsunf\u00e4lle, auch nach Ende des Arbeitsverh\u00e4ltnisses. Geniessen Sie bis zu sechs Monate zus\u00e4tzlichen Schutz, weltweit.","robots":{"index":"index","follow":"follow","max-snippet":"max-snippet:-1","max-image-preview":"max-image-preview:large","max-video-preview":"max-video-preview:-1"},"canonical":"https:\/\/www.solida.ch\/de\/privatkunden\/abredeversicherung\/","og_locale":"de_DE","og_type":"article","og_title":"Abredeversicherung","og_description":"Sch\u00fctzen Sie sich mit der Abredeversicherung von SOLIDA gegen Nichtberufsunf\u00e4lle, auch nach Ende des Arbeitsverh\u00e4ltnisses. Geniessen Sie bis zu sechs Monate zus\u00e4tzlichen Schutz, weltweit.","og_url":"https:\/\/www.solida.ch\/de\/privatkunden\/abredeversicherung\/","og_site_name":"SOLIDA Versicherungen","article_modified_time":"2023-06-12T15:17:21+00:00","og_image":[{"width":1024,"height":629,"url":"https:\/\/www.solida.ch\/wp-content\/uploads\/2023\/05\/Bild-AB-1024x629.png","type":"image\/png"}],"twitter_card":"summary_large_image","twitter_misc":{"Gesch\u00e4tzte Lesezeit":"2\u00a0Minuten"},"schema":{"@context":"https:\/\/schema.org","@graph":[{"@type":"WebPage","@id":"https:\/\/www.solida.ch\/de\/privatkunden\/abredeversicherung\/","url":"https:\/\/www.solida.ch\/de\/privatkunden\/abredeversicherung\/","name":"Abredeversicherung: Schnell & bequem online abschliessen","isPartOf":{"@id":"https:\/\/www.solida.ch\/de\/#website"},"primaryImageOfPage":{"@id":"https:\/\/www.solida.ch\/de\/privatkunden\/abredeversicherung\/#primaryimage"},"image":{"@id":"https:\/\/www.solida.ch\/de\/privatkunden\/abredeversicherung\/#primaryimage"},"thumbnailUrl":"https:\/\/www.solida.ch\/wp-content\/uploads\/2023\/05\/Bild-AB.png","datePublished":"2023-03-26T05:23:27+00:00","dateModified":"2023-06-12T15:17:21+00:00","description":"Sch\u00fctzen Sie sich mit der Abredeversicherung von SOLIDA gegen Nichtberufsunf\u00e4lle, auch nach Ende des Arbeitsverh\u00e4ltnisses. Geniessen Sie bis zu sechs Monate zus\u00e4tzlichen Schutz, weltweit.","breadcrumb":{"@id":"https:\/\/www.solida.ch\/de\/privatkunden\/abredeversicherung\/#breadcrumb"},"inLanguage":"de","potentialAction":[{"@type":"ReadAction","target":["https:\/\/www.solida.ch\/de\/privatkunden\/abredeversicherung\/"]}]},{"@type":"ImageObject","inLanguage":"de","@id":"https:\/\/www.solida.ch\/de\/privatkunden\/abredeversicherung\/#primaryimage","url":"https:\/\/www.solida.ch\/wp-content\/uploads\/2023\/05\/Bild-AB.png","contentUrl":"https:\/\/www.solida.ch\/wp-content\/uploads\/2023\/05\/Bild-AB.png","width":2310,"height":1419},{"@type":"BreadcrumbList","@id":"https:\/\/www.solida.ch\/de\/privatkunden\/abredeversicherung\/#breadcrumb","itemListElement":[{"@type":"ListItem","position":1,"name":"Startseite","item":"https:\/\/www.solida.ch\/de\/"},{"@type":"ListItem","position":2,"name":"Privatkunden","item":"https:\/\/www.solida.ch\/de\/privatkunden\/"},{"@type":"ListItem","position":3,"name":"Abredeversicherung"}]},{"@type":"WebSite","@id":"https:\/\/www.solida.ch\/de\/#website","url":"https:\/\/www.solida.ch\/de\/","name":"SOLIDA","description":"Unbeschwert durchs Leben gehen","publisher":{"@id":"https:\/\/www.solida.ch\/de\/#organization"},"alternateName":"Solida","potentialAction":[{"@type":"SearchAction","target":{"@type":"EntryPoint","urlTemplate":"https:\/\/www.solida.ch\/de\/?s={search_term_string}"},"query-input":{"@type":"PropertyValueSpecification","valueRequired":true,"valueName":"search_term_string"}}],"inLanguage":"de"},{"@type":"Organization","@id":"https:\/\/www.solida.ch\/de\/#organization","name":"SOLIDA Versicherungen AG","alternateName":"Solida","url":"https:\/\/www.solida.ch\/de\/","logo":{"@type":"ImageObject","inLanguage":"de","@id":"https:\/\/www.solida.ch\/de\/#\/schema\/logo\/image\/","url":"https:\/\/www.solida.ch\/wp-content\/uploads\/2023\/03\/solida-favicon.png","contentUrl":"https:\/\/www.solida.ch\/wp-content\/uploads\/2023\/03\/solida-favicon.png","width":1024,"height":1024,"caption":"SOLIDA Versicherungen AG"},"image":{"@id":"https:\/\/www.solida.ch\/de\/#\/schema\/logo\/image\/"}}]}},"_links":{"self":[{"href":"https:\/\/www.solida.ch\/de\/wp-json\/wp\/v2\/pages\/4358","targetHints":{"allow":["GET"]}}],"collection":[{"href":"https:\/\/www.solida.ch\/de\/wp-json\/wp\/v2\/pages"}],"about":[{"href":"https:\/\/www.solida.ch\/de\/wp-json\/wp\/v2\/types\/page"}],"author":[{"embeddable":true,"href":"https:\/\/www.solida.ch\/de\/wp-json\/wp\/v2\/users\/1"}],"replies":[{"embeddable":true,"href":"https:\/\/www.solida.ch\/de\/wp-json\/wp\/v2\/comments?post=4358"}],"version-history":[{"count":0,"href":"https:\/\/www.solida.ch\/de\/wp-json\/wp\/v2\/pages\/4358\/revisions"}],"up":[{"embeddable":true,"href":"https:\/\/www.solida.ch\/de\/wp-json\/wp\/v2\/pages\/7888"}],"wp:featuredmedia":[{"embeddable":true,"href":"https:\/\/www.solida.ch\/de\/wp-json\/wp\/v2\/media\/8018"}],"wp:attachment":[{"href":"https:\/\/www.solida.ch\/de\/wp-json\/wp\/v2\/media?parent=4358"}],"wp:term":[{"taxonomy":"category","embeddable":true,"href":"https:\/\/www.solida.ch\/de\/wp-json\/wp\/v2\/categories?post=4358"}],"curies":[{"name":"wp","href":"https:\/\/api.w.org\/{rel}","templated":true}]}}